{"id":973,"date":"2020-05-24T12:01:14","date_gmt":"2020-05-24T10:01:14","guid":{"rendered":"http:\/\/atelierdufrancais.com.tr\/?post_type=product&#038;p=973"},"modified":"2024-11-26T23:35:30","modified_gmt":"2024-11-26T22:35:30","slug":"cours-b2-2-les-belges-attaquent-le-francais","status":"publish","type":"product","link":"https:\/\/atelierdufrancais.com.tr\/tr\/urun\/cours-b2-2-les-belges-attaquent-le-francais\/","title":{"rendered":"Cours B2.2 \u00ab\u00a0Les belges attaquent le fran\u00e7ais\u00a0\u00bb"},"content":{"rendered":"","protected":false},"excerpt":{"rendered":"<p>Avec ce cours vous travaillerez sur les difficult\u00e9s de l&rsquo;orthographe en fran\u00e7ais. Au menu une compr\u00e9hension orale sur deux belges qui se moquent des difficult\u00e9s du fran\u00e7ais, une compr\u00e9hension \u00e9crite autour du th\u00e8me de la r\u00e9forme du fran\u00e7ais, une activit\u00e9 de production orale et beaucoup de jeux \ud83d\ude42 <\/p>","protected":false},"featured_media":975,"comment_status":"open","ping_status":"closed","template":"","meta":{"_et_pb_use_builder":"","_et_pb_old_content":"","_et_gb_content_width":""},"product_brand":[],"product_cat":[43,42],"product_tag":[33,32],"class_list":{"0":"post-973","1":"product","2":"type-product","3":"status-publish","4":"has-post-thumbnail","6":"product_cat-boutique-pedagogique","7":"product_cat-cours-a-emporter","8":"product_tag-grammaire","9":"product_tag-orthographe","11":"first","12":"instock","13":"downloadable","14":"taxable","15":"shipping-taxable","16":"purchasable","17":"product-type-simple"},"aioseo_notices":[],"_links":{"self":[{"href":"https:\/\/atelierdufrancais.com.tr\/tr\/wp-json\/wp\/v2\/product\/973","targetHints":{"allow":["GET"]}}],"collection":[{"href":"https:\/\/atelierdufrancais.com.tr\/tr\/wp-json\/wp\/v2\/product"}],"about":[{"href":"https:\/\/atelierdufrancais.com.tr\/tr\/wp-json\/wp\/v2\/types\/product"}],"replies":[{"embeddable":true,"href":"https:\/\/atelierdufrancais.com.tr\/tr\/wp-json\/wp\/v2\/comments?post=973"}],"wp:featuredmedia":[{"embeddable":true,"href":"https:\/\/atelierdufrancais.com.tr\/tr\/wp-json\/wp\/v2\/media\/975"}],"wp:attachment":[{"href":"https:\/\/atelierdufrancais.com.tr\/tr\/wp-json\/wp\/v2\/media?parent=973"}],"wp:term":[{"taxonomy":"product_brand","embeddable":true,"href":"https:\/\/atelierdufrancais.com.tr\/tr\/wp-json\/wp\/v2\/product_brand?post=973"},{"taxonomy":"product_cat","embeddable":true,"href":"https:\/\/atelierdufrancais.com.tr\/tr\/wp-json\/wp\/v2\/product_cat?post=973"},{"taxonomy":"product_tag","embeddable":true,"href":"https:\/\/atelierdufrancais.com.tr\/tr\/wp-json\/wp\/v2\/product_tag?post=973"}],"curies":[{"name":"wp","href":"https:\/\/api.w.org\/{rel}","templated":true}]}}