{"id":46,"date":"2020-05-10T23:06:54","date_gmt":"2020-05-10T21:06:54","guid":{"rendered":"http:\/\/atelierdufrancais.com.tr\/?page_id=46"},"modified":"2023-01-31T13:16:15","modified_gmt":"2023-01-31T12:16:15","slug":"les-cours-de-francais","status":"publish","type":"page","link":"https:\/\/atelierdufrancais.com.tr\/tr\/les-cours-de-francais\/","title":{"rendered":"Frans\u0131zca dersleri"},"content":{"rendered":"<p>[et_pb_section fb_built=\u00a0\u00bb1&Prime; admin_label=\u00a0\u00bbHero\u00a0\u00bb _builder_version=\u00a0\u00bb4.4.7&Prime; background_color=\u00a0\u00bb#DBF0F5&Prime; background_enable_image=\u00a0\u00bboff\u00a0\u00bb background_blend=\u00a0\u00bboverlay\u00a0\u00bb min_height=\u00a0\u00bb495px\u00a0\u00bb custom_padding=\u00a0\u00bb100px|0px|100px|0px\u00a0\u00bb animation_style=\u00a0\u00bbslide\u00a0\u00bb animation_direction=\u00a0\u00bbtop\u00a0\u00bb animation_intensity_slide=\u00a0\u00bb2%\u00a0\u00bb locked=\u00a0\u00bboff\u00a0\u00bb][et_pb_row column_structure=\u00a0\u00bb1_2,1_2&Prime; _builder_version=\u00a0\u00bb4.4.6&Prime; background_size=\u00a0\u00bbinitial\u00a0\u00bb background_position=\u00a0\u00bbtop_left\u00a0\u00bb background_repeat=\u00a0\u00bbrepeat\u00a0\u00bb module_alignment=\u00a0\u00bbcenter\u00a0\u00bb custom_margin=\u00a0\u00bb|||\u00a0\u00bb custom_width_px=\u00a0\u00bb1280px\u00a0\u00bb][et_pb_column type=\u00a0\u00bb1_2&Prime; _builder_version=\u00a0\u00bb3.25&Prime; custom_padding=\u00a0\u00bb|||\u00a0\u00bb custom_padding__hover=\u00a0\u00bb|||\u00a0\u00bb][et_pb_text _builder_version=\u00a0\u00bb3.27.4&Prime; header_font=\u00a0\u00bb|on|||\u00a0\u00bb header_font_size=\u00a0\u00bb42px\u00a0\u00bb header_line_height=\u00a0\u00bb1.3em\u00a0\u00bb background_layout=\u00a0\u00bbdark\u00a0\u00bb custom_padding=\u00a0\u00bb|||\u00a0\u00bb header_font_size_last_edited=\u00a0\u00bboff|desktop\u00a0\u00bb locked=\u00a0\u00bboff\u00a0\u00bb]<\/p>\n<h1><span style=\"color: #373a50;\">Frans\u0131zca dersleri<\/span><\/h1>\n<p>[\/et_pb_text][et_pb_text _builder_version=\u00a0\u00bb4.4.6&Prime; text_text_color=\u00a0\u00bb#d4ccff\u00a0\u00bb text_font_size=\u00a0\u00bb16px\u00a0\u00bb text_line_height=\u00a0\u00bb1.9em\u00a0\u00bb locked=\u00a0\u00bboff\u00a0\u00bb]<\/p>\n<p><span style=\"color: #373a50;\">\u0130ster zevk ve arzu  i\u00e7in, ister Delf- Dalf s\u0131nav\u0131na haz\u0131rlan\u0131n, ister Fransa\u2019da okumak veya ba\u015fka bir nedenden \u00f6t\u00fcr\u00fc Frans\u0131zca \u00f6\u011frenmek isteyin, l\u2019Atelier beklentilerinizi en iyi \u015fekilde kar\u015f\u0131layacakt\u0131r. 5 y\u0131ldan uzun s\u00fcreden beri, uzman e\u011fitmenlerimizi hizmetinize sunuyoruz.\u00a0<\/span><\/p>\n<p>[\/et_pb_text][et_pb_button button_url=\u00a0\u00bbhttps:\/\/forms.gle\/Eyybf7UaHShCtYNN7&Prime; button_text=\u00a0\u00bbs&rsquo;inscrire aux cours de l&rsquo;Atelier\u00a0\u00bb\u00a0_builder_version=\u00a0\u00bb4.4.7&Prime; custom_button=\u00a0\u00bbon\u00a0\u00bb button_text_size=\u00a0\u00bb16px\u00a0\u00bb button_text_color=\u00a0\u00bb#ffffff\u00a0\u00bb button_bg_color=\u00a0\u00bb#8AB982&Prime; button_border_width=\u00a0\u00bb10px\u00a0\u00bb button_border_color=\u00a0\u00bb#8AB982&Prime; button_border_radius=\u00a0\u00bb100px\u00a0\u00bb button_letter_spacing=\u00a0\u00bb1px\u00a0\u00bb button_font=\u00a0\u00bb|on||on|\u00a0\u00bb button_icon=\u00a0\u00bb%%36%%\u00a0\u00bb button_on_hover=\u00a0\u00bboff\u00a0\u00bb custom_margin=\u00a0\u00bb20px|||\u00a0\u00bb animation_style=\u00a0\u00bbzoom\u00a0\u00bb animation_delay=\u00a0\u00bb100ms\u00a0\u00bb animation_intensity_zoom=\u00a0\u00bb10%\u00a0\u00bb box_shadow_style=\u00a0\u00bbpreset2&Prime; box_shadow_color=\u00a0\u00bb#8AB982&Prime; button_letter_spacing_hover=\u00a0\u00bb2px\u00a0\u00bb saved_tabs=\u00a0\u00bball\u00a0\u00bb locked=\u00a0\u00bboff\u00a0\u00bb button_text_size__hover_enabled=\u00a0\u00bboff\u00a0\u00bb button_text_size__hover=\u00a0\u00bbnull\u00a0\u00bb button_one_text_size__hover_enabled=\u00a0\u00bboff\u00a0\u00bb button_one_text_size__hover=\u00a0\u00bbnull\u00a0\u00bb button_two_text_size__hover_enabled=\u00a0\u00bboff\u00a0\u00bb button_two_text_size__hover=\u00a0\u00bbnull\u00a0\u00bb button_text_color__hover_enabled=\u00a0\u00bboff\u00a0\u00bb button_text_color__hover=\u00a0\u00bbnull\u00a0\u00bb button_one_text_color__hover_enabled=\u00a0\u00bboff\u00a0\u00bb button_one_text_color__hover=\u00a0\u00bbnull\u00a0\u00bb button_two_text_color__hover_enabled=\u00a0\u00bboff\u00a0\u00bb button_two_text_color__hover=\u00a0\u00bbnull\u00a0\u00bb button_border_width__hover_enabled=\u00a0\u00bboff\u00a0\u00bb button_border_width__hover=\u00a0\u00bbnull\u00a0\u00bb button_one_border_width__hover_enabled=\u00a0\u00bboff\u00a0\u00bb button_one_border_width__hover=\u00a0\u00bbnull\u00a0\u00bb button_two_border_width__hover_enabled=\u00a0\u00bboff\u00a0\u00bb button_two_border_width__hover=\u00a0\u00bbnull\u00a0\u00bb button_border_color__hover_enabled=\u00a0\u00bboff\u00a0\u00bb button_border_color__hover=\u00a0\u00bbnull\u00a0\u00bb button_one_border_color__hover_enabled=\u00a0\u00bboff\u00a0\u00bb button_one_border_color__hover=\u00a0\u00bbnull\u00a0\u00bb button_two_border_color__hover_enabled=\u00a0\u00bboff\u00a0\u00bb button_two_border_color__hover=\u00a0\u00bbnull\u00a0\u00bb button_border_radius__hover_enabled=\u00a0\u00bboff\u00a0\u00bb button_border_radius__hover=\u00a0\u00bbnull\u00a0\u00bb button_one_border_radius__hover_enabled=\u00a0\u00bboff\u00a0\u00bb button_one_border_radius__hover=\u00a0\u00bbnull\u00a0\u00bb button_two_border_radius__hover_enabled=\u00a0\u00bboff\u00a0\u00bb button_two_border_radius__hover=\u00a0\u00bbnull\u00a0\u00bb button_letter_spacing__hover_enabled=\u00a0\u00bbon\u00a0\u00bb button_letter_spacing__hover=\u00a0\u00bb2px\u00a0\u00bb button_one_letter_spacing__hover_enabled=\u00a0\u00bboff\u00a0\u00bb button_one_letter_spacing__hover=\u00a0\u00bbnull\u00a0\u00bb button_two_letter_spacing__hover_enabled=\u00a0\u00bboff\u00a0\u00bb button_two_letter_spacing__hover=\u00a0\u00bbnull\u00a0\u00bb button_bg_color__hover_enabled=\u00a0\u00bboff\u00a0\u00bb button_bg_color__hover=\u00a0\u00bbnull\u00a0\u00bb button_one_bg_color__hover_enabled=\u00a0\u00bboff\u00a0\u00bb button_one_bg_color__hover=\u00a0\u00bbnull\u00a0\u00bb button_two_bg_color__hover_enabled=\u00a0\u00bboff\u00a0\u00bb button_two_bg_color__hover=\u00a0\u00bbnull\u00a0\u00bb][\/et_pb_button][\/et_pb_column][et_pb_column type=\u00a0\u00bb1_2&Prime; _builder_version=\u00a0\u00bb3.25&Prime; custom_padding=\u00a0\u00bb|||\u00a0\u00bb custom_padding__hover=\u00a0\u00bb|||\u00a0\u00bb][et_pb_image src=\u00a0\u00bbhttp:\/\/atelierdufrancais.com.tr\/wp-content\/uploads\/2020\/05\/cours-de-groupe-22.jpg\u00a0\u00bb title_text=\u00a0\u00bbcours de groupe 22&Prime; align_tablet=\u00a0\u00bbcenter\u00a0\u00bb align_phone=\u00a0\u00bb\u00a0\u00bb align_last_edited=\u00a0\u00bbon|desktop\u00a0\u00bb _builder_version=\u00a0\u00bb4.4.6&Prime; custom_margin=\u00a0\u00bb||0px|\u00a0\u00bb custom_padding=\u00a0\u00bb|||\u00a0\u00bb animation_style=\u00a0\u00bbzoom\u00a0\u00bb animation_direction=\u00a0\u00bbleft\u00a0\u00bb animation_delay=\u00a0\u00bb100ms\u00a0\u00bb animation_intensity_zoom=\u00a0\u00bb20%\u00a0\u00bb][\/et_pb_image][\/et_pb_column][\/et_pb_row][\/et_pb_section][et_pb_section fb_built=\u00a0\u00bb1&Prime; admin_label=\u00a0\u00bbOur Classes Section\u00a0\u00bb _builder_version=\u00a0\u00bb4.4.6&Prime; background_color=\u00a0\u00bb#fafbfc\u00a0\u00bb min_height=\u00a0\u00bb1801px\u00a0\u00bb custom_padding=\u00a0\u00bb110px|0px|110px|0px\u00a0\u00bb][et_pb_row _builder_version=\u00a0\u00bb4.4.6&Prime;][et_pb_column type=\u00a0\u00bb4_4&Prime; _builder_version=\u00a0\u00bb3.25&Prime; custom_padding=\u00a0\u00bb|||\u00a0\u00bb custom_padding__hover=\u00a0\u00bb|||\u00a0\u00bb][et_pb_text _builder_version=\u00a0\u00bb3.27.4&Prime; text_font=\u00a0\u00bb||||||||\u00a0\u00bb header_font=\u00a0\u00bb||||||||\u00a0\u00bb header_text_align=\u00a0\u00bbcenter\u00a0\u00bb header_3_font=\u00a0\u00bbPoppins|600|||||||\u00a0\u00bb header_3_text_color=\u00a0\u00bb#44d89e\u00a0\u00bb header_3_font_size=\u00a0\u00bb36px\u00a0\u00bb header_3_line_height=\u00a0\u00bb1.4em\u00a0\u00bb text_orientation=\u00a0\u00bbcenter\u00a0\u00bb]<\/p>\n<h3><span style=\"color: #9e2d39;\">H\u0131zl\u0131ca derslerimize kat\u0131l\u0131n<\/span><\/h3>\n<p>[\/et_pb_text][\/et_pb_column][\/et_pb_row][et_pb_row column_structure=\u00a0\u00bb1_2,1_2&Prime; _builder_version=\u00a0\u00bb4.4.6&Prime;][et_pb_column type=\u00a0\u00bb1_2&Prime; _builder_version=\u00a0\u00bb4.4.6&Prime;][et_pb_blurb title=\u00a0\u00bbLes cours de groupe\u00a0\u00bb url=\u00a0\u00bb\/les-cours-de-groupe\/\u00a0\u00bb image=\u00a0\u00bbhttp:\/\/atelierdufrancais.com.tr\/wp-content\/uploads\/2020\/05\/20180428_170934-1.jpg\u00a0\u00bb admin_label=\u00a0\u00bbClass\u00a0\u00bb _builder_version=\u00a0\u00bb4.4.6&Prime; header_font=\u00a0\u00bbPoppins|600|||||||\u00a0\u00bb header_text_align=\u00a0\u00bbcenter\u00a0\u00bb header_text_color=\u00a0\u00bb#486066&Prime; header_font_size=\u00a0\u00bb18px\u00a0\u00bb header_line_height=\u00a0\u00bb1.3em\u00a0\u00bb body_font=\u00a0\u00bbOpen Sans||||||||\u00a0\u00bb body_text_align=\u00a0\u00bbcenter\u00a0\u00bb body_text_color=\u00a0\u00bb#486066&Prime; body_line_height=\u00a0\u00bb1.8em\u00a0\u00bb background_color=\u00a0\u00bb#ffffff\u00a0\u00bb min_height=\u00a0\u00bb596px\u00a0\u00bb custom_margin=\u00a0\u00bb||23px|||\u00a0\u00bb custom_padding=\u00a0\u00bb40px|30px|40px|30px\u00a0\u00bb animation_style=\u00a0\u00bbfade\u00a0\u00bb animation=\u00a0\u00bboff\u00a0\u00bb border_radii=\u00a0\u00bbon|6px|6px|6px|6px\u00a0\u00bb border_radii_image=\u00a0\u00bbon|12px|12px|12px|12px\u00a0\u00bb box_shadow_style=\u00a0\u00bbpreset1&Prime; box_shadow_vertical=\u00a0\u00bb10px\u00a0\u00bb box_shadow_blur=\u00a0\u00bb24px\u00a0\u00bb box_shadow_spread=\u00a0\u00bb6px\u00a0\u00bb box_shadow_color=\u00a0\u00bbrgba(0,0,0,0.06)\u00a0\u00bb]<\/p>\n<p>Frans\u0131zcay\u0131 kendi metodumuzla \u00f6\u011frenebilece\u011finiz en fazla 10 ki\u015filik s\u0131n\u0131flardan olu\u015fan grup derslerini hizmetinize sunuyoruz.<\/p>\n<p>[\/et_pb_blurb][et_pb_blurb title=\u00a0\u00bbLes cours en ligne\u00a0\u00bb url=\u00a0\u00bb\/les-cours-en-ligne\/\u00a0\u00bb image_max_width=\u00a0\u00bb96%\u00a0\u00bb admin_label=\u00a0\u00bbClass\u00a0\u00bb _builder_version=\u00a0\u00bb4.4.7&Prime; header_font=\u00a0\u00bbPoppins|600|||||||\u00a0\u00bb header_text_align=\u00a0\u00bbcenter\u00a0\u00bb header_text_color=\u00a0\u00bb#486066&Prime; header_font_size=\u00a0\u00bb18px\u00a0\u00bb header_line_height=\u00a0\u00bb1.3em\u00a0\u00bb body_font=\u00a0\u00bbOpen Sans||||||||\u00a0\u00bb body_text_align=\u00a0\u00bbcenter\u00a0\u00bb body_text_color=\u00a0\u00bb#486066&Prime; body_line_height=\u00a0\u00bb1.8em\u00a0\u00bb background_color=\u00a0\u00bb#ffffff\u00a0\u00bb min_height=\u00a0\u00bb595px\u00a0\u00bb custom_margin=\u00a0\u00bb|||\u00a0\u00bb custom_padding=\u00a0\u00bb40px|30px|43px|30px||\u00a0\u00bb animation_style=\u00a0\u00bbfade\u00a0\u00bb animation_delay=\u00a0\u00bb200ms\u00a0\u00bb animation=\u00a0\u00bboff\u00a0\u00bb hover_enabled=\u00a0\u00bb0&Prime; border_radii=\u00a0\u00bbon|6px|6px|6px|6px\u00a0\u00bb border_radii_image=\u00a0\u00bbon|13px|13px|13px|13px\u00a0\u00bb box_shadow_style=\u00a0\u00bbpreset1&Prime; box_shadow_vertical=\u00a0\u00bb10px\u00a0\u00bb box_shadow_blur=\u00a0\u00bb24px\u00a0\u00bb box_shadow_spread=\u00a0\u00bb6px\u00a0\u00bb box_shadow_color=\u00a0\u00bbrgba(0,0,0,0.06)\u00a0\u00bb title_text=\u00a0\u00bbdgfdggdg\u00a0\u00bb image=\u00a0\u00bbhttp:\/\/atelierdufrancais.com.tr\/wp-content\/uploads\/2020\/05\/dgfdggdg-291&#215;300.jpg\u00a0\u00bb]<\/p>\n<p style=\"text-align: center;\">\n<p style=\"text-align: center;\">Atelier\u2019e gelebilme imkan\u0131 olmayan \u00f6\u011frenciler i\u00e7in online dersi hizmetinize sunuyoruz. Bu tekni\u011fimiz sayesinde kendinizi Atelier\u2019de hissetceksiniz.<\/p>\n<p>[\/et_pb_blurb][\/et_pb_column][et_pb_column _builder_version=\u00a0\u00bb4.4.7&Prime; type=\u00a0\u00bb1_2&Prime;][et_pb_blurb title=\u00a0\u00bbLes cours priv\u00e9s\u00a0\u00bb url=\u00a0\u00bb\/les-cours-priv\u00e9s\/\u00a0\u00bb image=\u00a0\u00bbhttp:\/\/atelierdufrancais.com.tr\/wp-content\/uploads\/2020\/05\/WhatsApp-Image-2020-05-11-at-03.29.17.jpg\u00a0\u00bb admin_label=\u00a0\u00bbClass\u00a0\u00bb _builder_version=\u00a0\u00bb4.4.6&Prime; header_font=\u00a0\u00bbPoppins|600|||||||\u00a0\u00bb header_text_align=\u00a0\u00bbcenter\u00a0\u00bb header_text_color=\u00a0\u00bb#486066&Prime; header_font_size=\u00a0\u00bb18px\u00a0\u00bb header_line_height=\u00a0\u00bb1.3em\u00a0\u00bb body_font=\u00a0\u00bbOpen Sans||||||||\u00a0\u00bb body_text_align=\u00a0\u00bbcenter\u00a0\u00bb body_text_color=\u00a0\u00bb#486066&Prime; body_line_height=\u00a0\u00bb1.8em\u00a0\u00bb background_color=\u00a0\u00bb#ffffff\u00a0\u00bb min_height=\u00a0\u00bb595px\u00a0\u00bb custom_margin=\u00a0\u00bb|||\u00a0\u00bb custom_padding=\u00a0\u00bb40px|30px|84px|30px||\u00a0\u00bb animation_style=\u00a0\u00bbfade\u00a0\u00bb animation_delay=\u00a0\u00bb200ms\u00a0\u00bb animation=\u00a0\u00bboff\u00a0\u00bb border_radii=\u00a0\u00bbon|6px|6px|6px|6px\u00a0\u00bb border_radii_image=\u00a0\u00bbon|13px|13px|13px|13px\u00a0\u00bb box_shadow_style=\u00a0\u00bbpreset1&Prime; box_shadow_vertical=\u00a0\u00bb10px\u00a0\u00bb box_shadow_blur=\u00a0\u00bb24px\u00a0\u00bb box_shadow_spread=\u00a0\u00bb6px\u00a0\u00bb box_shadow_color=\u00a0\u00bbrgba(0,0,0,0.06)\u00a0\u00bb]<\/p>\n<p>Frans\u0131zca dilinde e\u011fitim veren okullarda okuyan \u00f6\u011frenciler i\u00e7in ve s\u0131navlara haz\u0131rlanan \u00f6\u011frenciler i\u00e7in \u00f6zel ders imkan\u0131 sunuyoruz.<\/p>\n<p>[\/et_pb_blurb][et_pb_blurb title=\u00a0\u00bbLes cours en entreprise\u00a0\u00bb url=\u00a0\u00bb\/les-cours-priv\u00e9s\/\u00a0\u00bb image=\u00a0\u00bbhttp:\/\/atelierdufrancais.com.tr\/wp-content\/uploads\/2020\/05\/entreprises-300&#215;263.jpg\u00a0\u00bb admin_label=\u00a0\u00bbClass\u00a0\u00bb _builder_version=\u00a0\u00bb4.4.7&Prime; header_font=\u00a0\u00bbPoppins|600|||||||\u00a0\u00bb header_text_align=\u00a0\u00bbcenter\u00a0\u00bb header_text_color=\u00a0\u00bb#486066&Prime; header_font_size=\u00a0\u00bb18px\u00a0\u00bb header_line_height=\u00a0\u00bb1.3em\u00a0\u00bb body_font=\u00a0\u00bbOpen Sans||||||||\u00a0\u00bb body_text_align=\u00a0\u00bbcenter\u00a0\u00bb body_text_color=\u00a0\u00bb#486066&Prime; body_line_height=\u00a0\u00bb1.8em\u00a0\u00bb background_color=\u00a0\u00bb#ffffff\u00a0\u00bb min_height=\u00a0\u00bb595px\u00a0\u00bb custom_margin=\u00a0\u00bb|||\u00a0\u00bb custom_padding=\u00a0\u00bb40px|30px|84px|30px||\u00a0\u00bb animation_style=\u00a0\u00bbfade\u00a0\u00bb animation_delay=\u00a0\u00bb200ms\u00a0\u00bb animation=\u00a0\u00bboff\u00a0\u00bb hover_enabled=\u00a0\u00bb0&Prime; border_radii=\u00a0\u00bbon|6px|6px|6px|6px\u00a0\u00bb border_radii_image=\u00a0\u00bbon|13px|13px|13px|13px\u00a0\u00bb box_shadow_style=\u00a0\u00bbpreset1&Prime; box_shadow_vertical=\u00a0\u00bb10px\u00a0\u00bb box_shadow_blur=\u00a0\u00bb24px\u00a0\u00bb box_shadow_spread=\u00a0\u00bb6px\u00a0\u00bb box_shadow_color=\u00a0\u00bbrgba(0,0,0,0.06)\u00a0\u00bb title_text=\u00a0\u00bbentreprises\u00a0\u00bb]<\/p>\n<p>\u00d6\u011fretmenlerimizi \u015firketinizde ders vermeleri i\u00e7in \u015firketinize yolluyoruz. \u00c7ok k\u0131sa bir s\u00fcre i\u00e7erisinde ofiste Frans\u0131zca konu\u015fabilir hale geleceksiniz.<\/p>\n<p>[\/et_pb_blurb][\/et_pb_column][\/et_pb_row][\/et_pb_section][et_pb_section fb_built=\u00a0\u00bb1&Prime; admin_label=\u00a0\u00bbTestimonials Section\u00a0\u00bb _builder_version=\u00a0\u00bb4.4.7&Prime; background_color_gradient_direction=\u00a0\u00bb75deg\u00a0\u00bb min_height=\u00a0\u00bb796px\u00a0\u00bb custom_padding=\u00a0\u00bb110px|0px|110px|0px\u00a0\u00bb hover_enabled=\u00a0\u00bb0&Prime; background_color=\u00a0\u00bb#8AB982 \u00ab\u00a0][et_pb_row _builder_version=\u00a0\u00bb4.4.6&Prime; locked=\u00a0\u00bboff\u00a0\u00bb][et_pb_column type=\u00a0\u00bb4_4&Prime; _builder_version=\u00a0\u00bb3.25&Prime; custom_padding=\u00a0\u00bb|||\u00a0\u00bb custom_padding__hover=\u00a0\u00bb|||\u00a0\u00bb][et_pb_text _builder_version=\u00a0\u00bb3.27.4&Prime; text_font=\u00a0\u00bb||||||||\u00a0\u00bb header_font=\u00a0\u00bb||||||||\u00a0\u00bb header_text_align=\u00a0\u00bbcenter\u00a0\u00bb header_3_font=\u00a0\u00bbPoppins|600|||||||\u00a0\u00bb header_3_font_size=\u00a0\u00bb36px\u00a0\u00bb header_3_line_height=\u00a0\u00bb1.4em\u00a0\u00bb text_orientation=\u00a0\u00bbcenter\u00a0\u00bb background_layout=\u00a0\u00bbdark\u00a0\u00bb]<\/p>\n<h3>Hakk\u0131m\u0131zda S\u00f6ylenenler<\/h3>\n<p>[\/et_pb_text][\/et_pb_column][\/et_pb_row][et_pb_row column_structure=\u00a0\u00bb1_3,1_3,1_3&Prime; use_custom_gutter=\u00a0\u00bbon\u00a0\u00bb gutter_width=\u00a0\u00bb2&Prime; column_padding_mobile=\u00a0\u00bbon\u00a0\u00bb custom_padding_last_edited=\u00a0\u00bbon|phone\u00a0\u00bb admin_label=\u00a0\u00bbRow\u00a0\u00bb _builder_version=\u00a0\u00bb4.4.6&Prime; background_size=\u00a0\u00bbinitial\u00a0\u00bb background_position=\u00a0\u00bbtop_left\u00a0\u00bb background_repeat=\u00a0\u00bbrepeat\u00a0\u00bb custom_padding=\u00a0\u00bb|||\u00a0\u00bb custom_padding_tablet=\u00a0\u00bb49px|||\u00a0\u00bb custom_padding_phone=\u00a0\u00bb19px|||\u00a0\u00bb][et_pb_column type=\u00a0\u00bb1_3&Prime; _builder_version=\u00a0\u00bb3.25&Prime; custom_padding=\u00a0\u00bb|||\u00a0\u00bb custom_padding__hover=\u00a0\u00bb|||\u00a0\u00bb][et_pb_testimonial author=\u00a0\u00bbSimay \u00a0\u00bb job_title=\u00a0\u00bbLyc\u00e9enne \u00a0\u00bb portrait_url=\u00a0\u00bbhttp:\/\/atelierdufrancais.com.tr\/wp-content\/uploads\/2020\/05\/20181004_180323.jpg\u00a0\u00bb quote_icon=\u00a0\u00bboff\u00a0\u00bb portrait_width=\u00a0\u00bb101px\u00a0\u00bb portrait_height=\u00a0\u00bb101px\u00a0\u00bb _builder_version=\u00a0\u00bb4.4.6&Prime; body_font=\u00a0\u00bbOpen Sans||||||||\u00a0\u00bb body_text_color=\u00a0\u00bb#486066&Prime; body_font_size=\u00a0\u00bb15px\u00a0\u00bb body_line_height=\u00a0\u00bb1.8em\u00a0\u00bb background_color=\u00a0\u00bb#ffffff\u00a0\u00bb animation_style=\u00a0\u00bbfade\u00a0\u00bb border_radii=\u00a0\u00bbon|6px|6px|6px|6px\u00a0\u00bb border_radii_portrait=\u00a0\u00bbon|50px|50px|50px|50px\u00a0\u00bb box_shadow_style=\u00a0\u00bbpreset1&Prime; box_shadow_vertical=\u00a0\u00bb10px\u00a0\u00bb box_shadow_blur=\u00a0\u00bb24px\u00a0\u00bb box_shadow_spread=\u00a0\u00bb6px\u00a0\u00bb box_shadow_color=\u00a0\u00bbrgba(0,0,0,0.06)\u00a0\u00bb locked=\u00a0\u00bboff\u00a0\u00bb]<\/p>\n<p>\u201cHaz\u0131rl\u0131k senesi ile beraber Atelier\u2019ye \ngitmeye ba\u015flad\u0131m. Bu karar\u0131mdan hi\u00e7 pi\u015fman de\u011filim. Atelier\u2019deki kurslar sayesinde okul benim i\u00e7in \u015fimdi \u00e7ok kolay .\u015eu anda ise B2 diplomam var ve Fransa\u2019ya okumaya gidece\u011fim.\u201d<\/p>\n<p>[\/et_pb_testimonial][\/et_pb_column][et_pb_column type=\u00a0\u00bb1_3&Prime; _builder_version=\u00a0\u00bb3.25&Prime; custom_padding=\u00a0\u00bb|||\u00a0\u00bb custom_padding__hover=\u00a0\u00bb|||\u00a0\u00bb][et_pb_testimonial author=\u00a0\u00bbSinan\u00a0\u00bb job_title=\u00a0\u00bbRetrait\u00e9\u00a0\u00bb portrait_url=\u00a0\u00bbhttp:\/\/atelierdufrancais.com.tr\/wp-content\/uploads\/2020\/05\/WhatsApp-Image-2020-05-11-at-02.36.11.jpg\u00a0\u00bb quote_icon=\u00a0\u00bboff\u00a0\u00bb portrait_width=\u00a0\u00bb101px\u00a0\u00bb portrait_height=\u00a0\u00bb101px\u00a0\u00bb _builder_version=\u00a0\u00bb4.4.6&Prime; body_font=\u00a0\u00bbOpen Sans||||||||\u00a0\u00bb body_text_color=\u00a0\u00bb#486066&Prime; body_font_size=\u00a0\u00bb15px\u00a0\u00bb body_line_height=\u00a0\u00bb1.8em\u00a0\u00bb background_color=\u00a0\u00bb#ffffff\u00a0\u00bb animation_style=\u00a0\u00bbfade\u00a0\u00bb border_radii=\u00a0\u00bbon|6px|6px|6px|6px\u00a0\u00bb border_radii_portrait=\u00a0\u00bbon|50px|50px|50px|50px\u00a0\u00bb box_shadow_style=\u00a0\u00bbpreset1&Prime; box_shadow_vertical=\u00a0\u00bb10px\u00a0\u00bb box_shadow_blur=\u00a0\u00bb24px\u00a0\u00bb box_shadow_spread=\u00a0\u00bb6px\u00a0\u00bb box_shadow_color=\u00a0\u00bbrgba(0,0,0,0.06)\u00a0\u00bb locked=\u00a0\u00bboff\u00a0\u00bb]<\/p>\n<p>\u00ab\u00a0Moi je vais \u00e0 l&rsquo;Atelier depuis des ann\u00e9es, j&rsquo;aime l\u2019ambiance qui y r\u00e8gne, on est devenus tr\u00e8s proche avec le temps. En plus ils pr\u00e9parent eux-m\u00eames des cours sur des th\u00e8mes d&rsquo;actualit\u00e9 \u00a0\u00bb<\/p>\n<p>[\/et_pb_testimonial][\/et_pb_column][et_pb_column type=\u00a0\u00bb1_3&Prime; _builder_version=\u00a0\u00bb3.25&Prime; custom_padding=\u00a0\u00bb|||\u00a0\u00bb custom_padding__hover=\u00a0\u00bb|||\u00a0\u00bb][et_pb_testimonial author=\u00a0\u00bbEzgi \u00a0\u00bb job_title=\u00a0\u00bbEtudiante en France\u00a0\u00bb portrait_url=\u00a0\u00bbhttp:\/\/atelierdufrancais.com.tr\/wp-content\/uploads\/2020\/05\/WhatsApp-Image-2020-05-11-at-02.48.01.jpg\u00a0\u00bb quote_icon=\u00a0\u00bboff\u00a0\u00bb portrait_width=\u00a0\u00bb101px\u00a0\u00bb portrait_height=\u00a0\u00bb101px\u00a0\u00bb _builder_version=\u00a0\u00bb4.4.6&Prime; body_font=\u00a0\u00bbOpen Sans||||||||\u00a0\u00bb body_text_color=\u00a0\u00bb#486066&Prime; body_font_size=\u00a0\u00bb15px\u00a0\u00bb body_line_height=\u00a0\u00bb1.8em\u00a0\u00bb background_color=\u00a0\u00bb#ffffff\u00a0\u00bb animation_style=\u00a0\u00bbfade\u00a0\u00bb border_radii=\u00a0\u00bbon|6px|6px|6px|6px\u00a0\u00bb border_radii_portrait=\u00a0\u00bbon|50px|50px|50px|50px\u00a0\u00bb box_shadow_style=\u00a0\u00bbpreset1&Prime; box_shadow_vertical=\u00a0\u00bb10px\u00a0\u00bb box_shadow_blur=\u00a0\u00bb24px\u00a0\u00bb box_shadow_spread=\u00a0\u00bb6px\u00a0\u00bb box_shadow_color=\u00a0\u00bbrgba(0,0,0,0.06)\u00a0\u00bb locked=\u00a0\u00bboff\u00a0\u00bb]<\/p>\n<p>\u201cL\u2019Atelier\u2019in e\u011fitmenleri Delf-Dalf s\u0131navlar\u0131nda j\u00fcri olduklar\u0131 i\u00e7in, s\u0131nav\u0131ma \u00e7ok iyi \nhaz\u0131rlanabildim ve hi\u00e7 zorluk ya\u015famadan Dalf C1\u2019i ge\u00e7tim.\u201d<\/p>\n<p>[\/et_pb_testimonial][\/et_pb_column][\/et_pb_row][\/et_pb_section]<\/p>","protected":false},"excerpt":{"rendered":"<p>Les cours de fran\u00e7ais Que vous vouliez apprendre le fran\u00e7ais par pur plaisir,\u00a0 vous pr\u00e9parer aux examens Delf-Dalf, partir \u00e9tudier en France ou bien d&rsquo;autres choses encore, l&rsquo;Atelier saura r\u00e9pondre \u00e0 vos attentes. Depuis plus de 5 ans nous mettons notre expertise des cours de fran\u00e7ais \u00e0 votre service.\u00a0 Rejoignez vite nos cours ! Nous [&hellip;]<\/p>","protected":false},"author":1,"featured_media":0,"parent":0,"menu_order":0,"comment_status":"closed","ping_status":"closed","template":"","meta":{"_et_pb_use_builder":"on","_et_pb_old_content":"","_et_gb_content_width":"","footnotes":""},"class_list":["post-46","page","type-page","status-publish","hentry"],"aioseo_notices":[],"_links":{"self":[{"href":"https:\/\/atelierdufrancais.com.tr\/tr\/wp-json\/wp\/v2\/pages\/46","targetHints":{"allow":["GET"]}}],"collection":[{"href":"https:\/\/atelierdufrancais.com.tr\/tr\/wp-json\/wp\/v2\/pages"}],"about":[{"href":"https:\/\/atelierdufrancais.com.tr\/tr\/wp-json\/wp\/v2\/types\/page"}],"author":[{"embeddable":true,"href":"https:\/\/atelierdufrancais.com.tr\/tr\/wp-json\/wp\/v2\/users\/1"}],"replies":[{"embeddable":true,"href":"https:\/\/atelierdufrancais.com.tr\/tr\/wp-json\/wp\/v2\/comments?post=46"}],"version-history":[{"count":30,"href":"https:\/\/atelierdufrancais.com.tr\/tr\/wp-json\/wp\/v2\/pages\/46\/revisions"}],"predecessor-version":[{"id":1357,"href":"https:\/\/atelierdufrancais.com.tr\/tr\/wp-json\/wp\/v2\/pages\/46\/revisions\/1357"}],"wp:attachment":[{"href":"https:\/\/atelierdufrancais.com.tr\/tr\/wp-json\/wp\/v2\/media?parent=46"}],"curies":[{"name":"wp","href":"https:\/\/api.w.org\/{rel}","templated":true}]}}